{"id":5714,"date":"2024-07-14T09:04:52","date_gmt":"2024-07-14T07:04:52","guid":{"rendered":"https:\/\/vss.michaelschaedler.li\/members\/federation-des-etudiant-e-x-s-neuchatelois-e-x-s\/"},"modified":"2025-06-18T11:55:46","modified_gmt":"2025-06-18T09:55:46","slug":"federation-des-etudiant-e-x-s-neuchatelois-e-x-s","status":"publish","type":"members","link":"https:\/\/vss-unes.ch\/fr\/members\/federation-des-etudiant-e-x-s-neuchatelois-e-x-s\/","title":{"rendered":"FEN \u2013 F\u00e9d\u00e9ration des \u00e9tudiant.e.x.s neuch\u00e2telois.e.x.s"},"template":"","meta":{"_acf_changed":false,"inline_featured_image":false,"_EventAllDay":false,"_EventTimezone":"","_EventStartDate":"","_EventEndDate":"","_EventStartDateUTC":"","_EventEndDateUTC":"","_EventShowMap":false,"_EventShowMapLink":false,"_EventURL":"","_EventCost":"","_EventCostDescription":"","_EventCurrencySymbol":"","_EventCurrencyCode":"","_EventCurrencyPosition":"","_EventDateTimeSeparator":"","_EventTimeRangeSeparator":"","_EventOrganizerID":[],"_EventVenueID":[],"_OrganizerEmail":"","_OrganizerPhone":"","_OrganizerWebsite":"","_VenueAddress":"","_VenueCity":"","_VenueCountry":"","_VenueProvince":"","_VenueState":"","_VenueZip":"","_VenuePhone":"","_VenueURL":"","_VenueStateProvince":"","_VenueLat":"","_VenueLng":"","_VenueShowMap":false,"_VenueShowMapLink":false,"_links_to":"","_links_to_target":""},"member-type":[97],"class_list":["post-5714","members","type-members","status-publish","hentry","member-type-hochschul-sektionen-fr"],"acf":{"logo":3280,"url":"https:\/\/fen-association.ch","description":"La F\u00e9d\u00e9ration des Etudiant.e.s Neuch\u00e2telois.e.s (FEN) est l\u2019association regroupant tous les \u00e9tudiant.e.s de l\u2019Universit\u00e9 de Neuch\u00e2tel. Elle est une corporation de droit public institu\u00e9e par la loi sur l\u2019Universit\u00e9. Les principales t\u00e2ches de la FEN, exerc\u00e9es en principe par un comit\u00e9 ex\u00e9cutif de 7 membres et d\u2019une\u2011e secr\u00e9taire g\u00e9n\u00e9ral.e, sont d\u2019assurer la d\u00e9fense des int\u00e9r\u00eats des \u00e9tudiant.e.s au sein de l\u2019Universit\u00e9 mais aussi sur le plan cantonal et national. La FEN d\u00e9fend un acc\u00e8s aux \u00e9tudes aussi large que possible ; soutient les associations de l\u2019Universit\u00e9 en subventionnant leurs activit\u00e9s ; met \u00e0 disposition une permanence juridique ; assure un logement aux \u00e9tudiant.e.s \u00e0 un prix abordable ; promeut la durabilit\u00e9 au sein de l\u2019Universit\u00e9.   \n"},"_links":{"self":[{"href":"https:\/\/vss-unes.ch\/fr\/wp-json\/wp\/v2\/members\/5714","targetHints":{"allow":["GET"]}}],"collection":[{"href":"https:\/\/vss-unes.ch\/fr\/wp-json\/wp\/v2\/members"}],"about":[{"href":"https:\/\/vss-unes.ch\/fr\/wp-json\/wp\/v2\/types\/members"}],"wp:attachment":[{"href":"https:\/\/vss-unes.ch\/fr\/wp-json\/wp\/v2\/media?parent=5714"}],"wp:term":[{"taxonomy":"member-type","embeddable":true,"href":"https:\/\/vss-unes.ch\/fr\/wp-json\/wp\/v2\/member-type?post=5714"}],"curies":[{"name":"wp","href":"https:\/\/api.w.org\/{rel}","templated":true}]}}