{"id":4862,"date":"2024-12-31T11:00:01","date_gmt":"2024-12-31T10:00:01","guid":{"rendered":"https:\/\/vss.michaelschaedler.li\/projekte\/linitiative-sur-les-bourses-detudes\/"},"modified":"2025-05-12T10:59:33","modified_gmt":"2025-05-12T08:59:33","slug":"linitiative-sur-les-bourses-detudes","status":"publish","type":"projekte","link":"https:\/\/vss-unes.ch\/fr\/projekte\/linitiative-sur-les-bourses-detudes\/","title":{"rendered":"L&rsquo;initiative sur les bourses d&rsquo;\u00e9tudes"},"content":{"rendered":"\n<p>En Suisse, les \u00e9tudiant\u00b7e\u00b7s ont acc\u00e8s \u00e0 des bourses d&rsquo;\u00e9tudes d&rsquo;un montant variable. Les conditions d&rsquo;octroi des bourses sont r\u00e9gl\u00e9es par les cantons et, dans une certaine mesure, au niveau intercantonal. L&rsquo;UNES souhaite que tou\u00b7te\u00b7s les \u00e9tudiant\u00b7e\u00b7s en Suisse aient les m\u00eames droits en mati\u00e8re de bourses et a donc lanc\u00e9 l&rsquo;initiative sur les bourses d&rsquo;\u00e9tudes.  <br\/><\/p>\n\n<h2 class=\"gb-headline gb-headline-7a9e26fa gb-headline-text\"><strong>\u00c9volution et situation actuelle en Suisse<\/strong><\/h2>\n\n<p>Pour expliquer la probl\u00e9matique du syst\u00e8me suisse des bourses, il faut tout d&rsquo;abord clarifier ce qu&rsquo;est exactement une bourse. Il s&rsquo;agit d&rsquo;une aide financi\u00e8re accord\u00e9e \u00e0 des jeunes issus de familles modestes afin de pouvoir suivre la formation qui leur convient le mieux. Les bourses sont donc indispensables pour garantir un acc\u00e8s \u00e9quitable \u00e0 l&rsquo;\u00e9ducation.  <\/p>\n\n<p>Un bref retour historique permet de mieux comprendre la probl\u00e9matique actuelle. Le paysage \u00e9ducatif suisse a profond\u00e9ment chang\u00e9 au cours des vingt derni\u00e8res ann\u00e9es. De nouveaux types de hautes \u00e9coles ont vu le jour, le nombre d&rsquo;\u00e9tudiant\u00b7e\u00b7s dans le domaine tertiaire a augment\u00e9 et la perm\u00e9abilit\u00e9 des syst\u00e8mes s&rsquo;est encore accrue. Ainsi, le nombre d&rsquo;\u00e9tudiant\u00b7e\u00b7s a tripl\u00e9 depuis 1990, passant d&rsquo;un peu plus de 85 000 \u00e0 pr\u00e8s de 260 000 en 2009<sup>1<\/sup>. Ces chiffres laissent supposer que l&rsquo;acc\u00e8s \u00e0 la formation tertiaire est devenu plus facile.<br\/>Le d\u00e9veloppement du syst\u00e8me des bourses en Suisse ne permet toutefois pas de tirer cette conclusion. Depuis 1993, le volume des bourses octroy\u00e9es \u00e0 l&rsquo;\u00e9chelle nationale a diminu\u00e9 de pr\u00e8s d&rsquo;un quart en termes r\u00e9els<sup>2<\/sup>. Parall\u00e8lement, l&rsquo;activit\u00e9 lucrative des \u00e9tudiant\u00b7e\u00b7s augmente fortement : trois quarts d&rsquo;entre eux\u00b7elles exercent une activit\u00e9 lucrative \u00e0 c\u00f4t\u00e9 de leurs \u00e9tudes<sup>3<\/sup>.      <\/p>\n\n<p>La structure f\u00e9d\u00e9raliste du syst\u00e8me suisse des bourses pose un autre probl\u00e8me. Les crit\u00e8res d&rsquo;octroi, le montant des bourses et le nombre de b\u00e9n\u00e9ficiaires varient en effet d&rsquo;un canton \u00e0 l&rsquo;autre. Le concordat intercantonal sur les bourses d&rsquo;\u00e9tudes<sup>4<\/sup>, entr\u00e9 en vigueur le 1er mars 2013 et auquel 18 cantons ont adh\u00e9r\u00e9 \u00e0 ce jour, vise une certaine harmonisation, mais laisse d\u00e9lib\u00e9r\u00e9ment une grande marge de man\u0153uvre aux cantons<sup>5<\/sup>. Ainsi, les crit\u00e8res de calcul restent du ressort des cantons et le montant minimal propos\u00e9 pour une bourse compl\u00e8te n&rsquo;est pas suffisant pour couvrir les frais de subsistance.   <\/p>\n\n<p>Les in\u00e9galit\u00e9s entre les cantons persistent donc : deux \u00e9tudiant\u00b7e\u00b7s inscrit\u00b7e\u00b7s dans la m\u00eame haute \u00e9cole et suivant les m\u00eames \u00e9tudes peuvent percevoir des bourses d&rsquo;\u00e9tudes d&rsquo;un montant diff\u00e9rent selon le canton o\u00f9 leurs parents sont domicili\u00e9s. C&rsquo;est pour rem\u00e9dier \u00e0 cette injustice que l&rsquo;UNES a lanc\u00e9 l&rsquo;initiative sur les bourses d&rsquo;\u00e9tudes. <br\/><\/p>\n\n<h2 class=\"gb-headline gb-headline-693c6d2e gb-headline-text\"><strong>L&rsquo;initiative<\/strong><\/h2>\n\n<p>Au printemps 2010, l&rsquo;UNES a d\u00e9cid\u00e9 de lancer une initiative populaire visant \u00e0 rendre l&rsquo;acc\u00e8s aux bourses plus \u00e9quitable<sup>6<\/sup>. Le 20 janvier 2012, l&rsquo;initiative a \u00e9t\u00e9 d\u00e9pos\u00e9e avec plus de 117 000 signatures. Dans son communiqu\u00e9 du 23 juin 2013, le Conseil f\u00e9d\u00e9ral a recommand\u00e9 le rejet de l&rsquo;initiative, mais a simultan\u00e9ment pr\u00e9sent\u00e9 un contre-projet indirect, \u00e0 savoir la r\u00e9vision totale de la loi sur les aides \u00e0 la formation. Le contre-projet a ensuite fait l&rsquo;objet de longs d\u00e9bats au Parlement. Si les parlementaires s&rsquo;accordaient sur le fait que les bourses sont tr\u00e8s importantes pour l&rsquo;\u00e9galit\u00e9 des chances et que le syst\u00e8me des bourses en Suisse doit \u00eatre am\u00e9lior\u00e9, ils et elles souhaitaient toutefois que les cantons restent comp\u00e9tents en mati\u00e8re d&rsquo;octroi des bourses. Le 14 juin 2015, l&rsquo;initiative a finalement \u00e9t\u00e9 rejet\u00e9e par le peuple et le contre-projet indirect est ainsi entr\u00e9 en vigueur<sup>7<\/sup>.     <\/p>\n\n<p>L&rsquo;initiative sur les bourses vise \u00e0 harmoniser \u00e0 l&rsquo;\u00e9chelle nationale les r\u00e8gles r\u00e9gissant les formations professionnelles sup\u00e9rieures, par exemple dans les \u00e9coles sup\u00e9rieures (tertiaire B), les hautes \u00e9coles sp\u00e9cialis\u00e9es, les hautes \u00e9coles p\u00e9dagogiques, les EPF ou les universit\u00e9s (tertiaire A). L&rsquo;UNES consid\u00e8re que ce syst\u00e8me est plus \u00e9quitable que le syst\u00e8me actuel, dans lequel les cantons d\u00e9terminent de mani\u00e8re diff\u00e9rente le montant qu&rsquo;ils souhaitent consacrer aux bourses, le nombre d&rsquo;\u00e9tudiant\u00b7e\u00b7s qui peuvent en b\u00e9n\u00e9ficier et le montant de celles-ci. L&rsquo;initiative sur les bourses aurait rendu l&rsquo;acc\u00e8s aux bourses et \u00e0 la formation plus \u00e9quitable.    <br\/><\/p>\n\n<h2 class=\"gb-headline gb-headline-8122a239 gb-headline-text\"><strong>Et ensuite ?<\/strong><\/h2>\n\n<p>L&rsquo;UNES s&rsquo;engage toujours pour l&rsquo;am\u00e9lioration de la situation sociale des \u00e9tudiant\u00b7e\u00b7s, et les bourses en font partie. L&rsquo;UNES suit donc attentivement les projets et les d\u00e9cisions des cantons et du Conseil f\u00e9d\u00e9ral dans ce domaine. <\/p>\n<div class=\"gb-container gb-container-9b1eacc2\">\n\n<p class=\"gb-headline gb-headline-4a730adf gb-headline-text\"><sup>1<\/sup>Statistiques de la formation 2012, OFS.<br><sup>2<\/sup>Bourses et pr\u00eats d&rsquo;\u00e9tudes cantonaux 2009, OFS <br>(<a href=\"https:\/\/www.bfs.admin.ch\/bfs\/fr\/home\/statistiques\/catalogues-banques-donnees\/publications.assetdetail.347409.html\" target=\"_blank\" rel=\"noreferrer noopener\">https:\/\/www.bfs.admin.ch\/bfs\/de\/home\/statistiken\/kataloge-datenbanken\/publikationen.assetdetail.347409.html<\/a>)<br><sup>3<\/sup>\u00c9tude sur la situation sociale des \u00e9tudiant\u00b7e\u00b7s 2005, OFS<br>(<a href=\"https:\/\/www.bfs.admin.ch\/bfsstatic\/dam\/assets\/350571\/master\" target=\"_blank\" rel=\"noreferrer noopener\">https:\/\/www.bfs.admin.ch\/bfsstatic\/dam\/assets\/350571\/master<\/a>). Selon l&rsquo;enqu\u00eate de 2013, 75% des \u00e9tudiant\u00b7e\u00b7s travaillaient parall\u00e8lement \u00e0 leurs \u00e9tudes. Voir : Conditions d&rsquo;\u00e9tudes et de vie dans les hautes \u00e9coles suisses 2015, OFS (<a href=\"https:\/\/www.bfs.admin.ch\/bfsstatic\/dam\/assets\/349460\/master\" target=\"_blank\" rel=\"noreferrer noopener\">https:\/\/www.bfs.admin.ch\/bfsstatic\/dam\/assets\/349460\/master<\/a>).  <br><sup>4<\/sup><a href=\"http:\/\/edudoc.ch\/record\/106358\/files\/Konkordat_Stip_d.pdf\" target=\"_blank\" rel=\"noreferrer noopener\">http:\/\/edudoc.ch\/record\/106358\/files\/Konkordat_Stip_d.pdf<\/a>.<br><sup>5<\/sup>M\u00eame apr\u00e8s leur adh\u00e9sion, les cantons conservent la souverainet\u00e9 sur leur syst\u00e8me de bourses et disposent d&rsquo;une marge de man\u0153uvre suffisante pour tenir compte des particularit\u00e9s cantonales, voir : <a href=\"http:\/\/www.edk.ch\/dyn\/28425.php\" target=\"_blank\" rel=\"noreferrer noopener\"> http:\/\/www.edk.ch\/dyn\/28425.php<\/a>.<br><sup>6<\/sup><a href=\"https:\/\/www.admin.ch\/ch\/d\/pore\/vi\/vis390t.html\">https:\/\/www.admin.ch\/ch\/d\/pore\/vi\/vis39<\/a><a href=\"https:\/\/www.admin.ch\/ch\/d\/pore\/vi\/vis390t.html\" target=\"_blank\" rel=\"noreferrer noopener\">0<\/a><a href=\"https:\/\/www.admin.ch\/ch\/d\/pore\/vi\/vis390t.html\">t.html<\/a><br><sup>7<\/sup>Toutes les d\u00e9lib\u00e9rations relatives \u00e0 l&rsquo;initiative sur les bourses d&rsquo;\u00e9tudes sont disponibles sur le site web du Parlement sous le num\u00e9ro 13.056 (<a href=\"https:\/\/www.parlament.ch\/de\/ratsbetrieb\/suche-curia-vista\/geschaeft?AffairId=20130058\" target=\"_blank\" rel=\"noreferrer noopener\">https:\/\/www.parlament.ch\/de\/ratsbetrieb\/suche-curia-vista\/geschaeft?AffairId=20130058<\/a>).<\/p>\n\n<\/div>","protected":false},"featured_media":0,"template":"","meta":{"_acf_changed":false,"inline_featured_image":false,"_EventAllDay":false,"_EventTimezone":"","_EventStartDate":"","_EventEndDate":"","_EventStartDateUTC":"","_EventEndDateUTC":"","_EventShowMap":false,"_EventShowMapLink":false,"_EventURL":"","_EventCost":"","_EventCostDescription":"","_EventCurrencySymbol":"","_EventCurrencyCode":"","_EventCurrencyPosition":"","_EventDateTimeSeparator":"","_EventTimeRangeSeparator":"","_EventOrganizerID":[],"_EventVenueID":[],"_OrganizerEmail":"","_OrganizerPhone":"","_OrganizerWebsite":"","_VenueAddress":"","_VenueCity":"","_VenueCountry":"","_VenueProvince":"","_VenueState":"","_VenueZip":"","_VenuePhone":"","_VenueURL":"","_VenueStateProvince":"","_VenueLat":"","_VenueLng":"","_VenueShowMap":false,"_VenueShowMapLink":false,"_links_to":"","_links_to_target":""},"project-status":[68],"class_list":["post-4862","projekte","type-projekte","status-publish","hentry","project-status-projet-termine"],"acf":[],"_links":{"self":[{"href":"https:\/\/vss-unes.ch\/fr\/wp-json\/wp\/v2\/projekte\/4862","targetHints":{"allow":["GET"]}}],"collection":[{"href":"https:\/\/vss-unes.ch\/fr\/wp-json\/wp\/v2\/projekte"}],"about":[{"href":"https:\/\/vss-unes.ch\/fr\/wp-json\/wp\/v2\/types\/projekte"}],"wp:attachment":[{"href":"https:\/\/vss-unes.ch\/fr\/wp-json\/wp\/v2\/media?parent=4862"}],"wp:term":[{"taxonomy":"project-status","embeddable":true,"href":"https:\/\/vss-unes.ch\/fr\/wp-json\/wp\/v2\/project-status?post=4862"}],"curies":[{"name":"wp","href":"https:\/\/api.w.org\/{rel}","templated":true}]}}